{"id":102,"date":"2017-07-25T03:20:37","date_gmt":"2017-07-25T02:20:37","guid":{"rendered":"http:\/\/philharmoniamundimontreal.com\/nouveau_site\/?page_id=102"},"modified":"2026-04-12T02:50:37","modified_gmt":"2026-04-12T01:50:37","slug":"concerts","status":"publish","type":"page","link":"https:\/\/www.philharmoniamundimontreal.com\/orchestre\/","title":{"rendered":"Prochains concerts"},"content":{"rendered":"\n<p class=\"has-text-align-center\">Pour toutes questions reli\u00e9es \u00e0 la billetterie, veuillez communiquer avec nous par courriel \u00e0 l&rsquo;adresse suivante : <a href=\"mailto:info@philharmoniamundimontreal.com\">info@philharmoniamundimontreal.com<\/a> ou contactez nous sur Facebook Messenger <a href=\"http:\/\/m.me\/227224520652255\" data-type=\"link\" data-id=\"m.me\/227224520652255\">en cliquant ici<\/a>.<\/p>\n\n\n\n<div class=\"wp-block-columns has-2-columns is-layout-flex wp-container-core-columns-is-layout-9d6595d7 wp-block-columns-is-layout-flex\">\n<div class=\"wp-block-column is-vertically-aligned-top is-layout-flow wp-block-column-is-layout-flow\">\n<p><strong>Dimanche 31 mai 2026 \u00e0  15 h<\/strong><\/p>\n\n\n\n<hr class=\"wp-block-separator has-alpha-channel-opacity\"\/>\n\n\n\n<div class=\"wp-block-buttons is-content-justification-center is-layout-flex wp-container-core-buttons-is-layout-16018d1d wp-block-buttons-is-layout-flex\">\n<div class=\"wp-block-button\" zeffy-form-link=\"https:\/\/www.zeffy.com\/embed\/ticketing\/concert-opmm-respighi?modal=true\"><a class=\"wp-block-button__link wp-element-button\">Achetez vos billets!<\/a><\/div>\n<\/div>\n\n\n\n<figure class=\"wp-block-image size-full\"><img loading=\"lazy\" decoding=\"async\" width=\"545\" height=\"842\" src=\"https:\/\/www.philharmoniamundimontreal.com\/orchestre\/wp-content\/uploads\/2025\/09\/20260531_OPMM_Affiche.png\" alt=\"\" class=\"wp-image-707\" srcset=\"https:\/\/www.philharmoniamundimontreal.com\/orchestre\/wp-content\/uploads\/2025\/09\/20260531_OPMM_Affiche.png 545w, https:\/\/www.philharmoniamundimontreal.com\/orchestre\/wp-content\/uploads\/2025\/09\/20260531_OPMM_Affiche-194x300.png 194w\" sizes=\"auto, (max-width: 545px) 100vw, 545px\" \/><\/figure>\n<\/div>\n\n\n\n<div class=\"wp-block-column is-vertically-aligned-top is-layout-flow wp-block-column-is-layout-flow\">\n<p class=\"has-text-align-right\"><a href=\"https:\/\/goo.gl\/maps\/GzWuwwDoQxAn4Xkc7\" target=\"_blank\" rel=\"noreferrer noopener\"> Salle Oscar Peterson,<br>7141 Rue Sherbrooke O<\/a><\/p>\n\n\n\n<p><\/p>\n\n\n\n<p><em><strong>Nikola\u00ef Rimsky-Korsakov (1844-1908)<\/strong><\/em><br><em>Ouverture de la Grande P\u00e2que Russe, op.36<\/em><\/p>\n\n\n\n<p><strong>Ronald Binge (1910-1979)<\/strong><br><em>Concerto pour saxophone alto (c.1956)<\/em><\/p>\n\n\n\n<p>1. Allegro spirituoso<br>2. Romance<br>3. Rondo. Allegro giocoso<br><br>Jo\u00ebl Couture, saxophone alto<\/p>\n\n\n\n<p>(entracte)<\/p>\n\n\n\n<p><em><strong>Giacomo Puccini (1858-1924)<\/strong><\/em><\/p>\n\n\n\n<p><em>Preludio Sinfonico en La majeur, op.1 (c.1882)<\/em><\/p>\n\n\n\n<p><em><strong>Ottorino Respighi (1879-1936)<\/strong><\/em><br><em>Pins de Rome (Pini di Roma), po\u00e8me symphonique (c.1924)<\/em><br><br>1- <em>Les Pins de la Voie Appienne (tempo di Marcia)<\/em><br>2- <em>Les Pins de la Villa Borghese<\/em>\u00a0(allegretto vivace)<br>3- <em>Pins pr\u00e8s d\u2019une catacombe (lento)<\/em><br>4- <em>Les Pins du Janicule (lento)<\/em><\/p>\n<\/div>\n<\/div>\n\n\n\n<hr class=\"wp-block-separator has-alpha-channel-opacity\"\/>\n\n\n\n<h2 class=\"wp-block-heading\"><strong>Anciens Concerts<\/strong><\/h2>\n\n\n\n<div class=\"wp-block-columns has-2-columns is-layout-flex wp-container-core-columns-is-layout-9d6595d7 wp-block-columns-is-layout-flex\">\n<div class=\"wp-block-column is-vertically-aligned-top is-layout-flow wp-block-column-is-layout-flow\">\n<p><strong>Dimanche 15 mars 2026 \u00e0  15 h<\/strong><\/p>\n\n\n\n<hr class=\"wp-block-separator has-alpha-channel-opacity\"\/>\n\n\n\n<div class=\"wp-block-buttons is-content-justification-center is-layout-flex wp-container-core-buttons-is-layout-16018d1d wp-block-buttons-is-layout-flex\">\n<div class=\"wp-block-button\" zeffy-form-link=\"https:\/\/www.zeffy.com\/embed\/ticketing\/concert-benefice-opmm-la-popote-roulante?modal=true\"><a class=\"wp-block-button__link wp-element-button\">Achetez vos billets!<\/a><\/div>\n<\/div>\n\n\n\n<p><\/p>\n\n\n\n<figure class=\"wp-block-image size-full\"><img loading=\"lazy\" decoding=\"async\" width=\"1080\" height=\"1668\" src=\"https:\/\/www.philharmoniamundimontreal.com\/orchestre\/wp-content\/uploads\/2026\/02\/concert-15-mars-2026.jpg\" alt=\"\" class=\"wp-image-731\" srcset=\"https:\/\/www.philharmoniamundimontreal.com\/orchestre\/wp-content\/uploads\/2026\/02\/concert-15-mars-2026.jpg 1080w, https:\/\/www.philharmoniamundimontreal.com\/orchestre\/wp-content\/uploads\/2026\/02\/concert-15-mars-2026-194x300.jpg 194w, https:\/\/www.philharmoniamundimontreal.com\/orchestre\/wp-content\/uploads\/2026\/02\/concert-15-mars-2026-663x1024.jpg 663w, https:\/\/www.philharmoniamundimontreal.com\/orchestre\/wp-content\/uploads\/2026\/02\/concert-15-mars-2026-768x1186.jpg 768w, https:\/\/www.philharmoniamundimontreal.com\/orchestre\/wp-content\/uploads\/2026\/02\/concert-15-mars-2026-995x1536.jpg 995w\" sizes=\"auto, (max-width: 706px) 89vw, (max-width: 767px) 82vw, 740px\" \/><\/figure>\n<\/div>\n\n\n\n<div class=\"wp-block-column is-vertically-aligned-top is-layout-flow wp-block-column-is-layout-flow\">\n<p class=\"has-text-align-right\"><a href=\"https:\/\/goo.gl\/maps\/GzWuwwDoQxAn4Xkc7\" target=\"_blank\" rel=\"noreferrer noopener\"> Salle Oscar Peterson,<br>7141 Rue Sherbrooke O<\/a><\/p>\n\n\n\n<p><\/p>\n\n\n\n<p>Concert b\u00e9n\u00e9fice, pour  \u00ab Popotes Montr\u00e9al \u00bb<\/p>\n\n\n\n<p><strong>Ludwig van Beethoven (1770-1827)<\/strong><br><em>Ouverture d\u2019Egmont, op.84<\/em><\/p>\n\n\n\n<p><strong>Camille Saint-Sa\u00ebns (1835-1821)<\/strong><br><em>Danse Macabre, op.40<\/em><\/p>\n\n\n\n<p><strong>Antoine Fafard&nbsp;<\/strong><br><em>Holding back the clock (c.2015)<\/em><\/p>\n\n\n\n<p><strong>Georges Bizet (1838-1875)<\/strong><br><em>Carmen, Suite orchestrale no.2 (arr. Guiraud)<\/em><\/p>\n\n\n\n<p>(Entracte)<\/p>\n\n\n\n<p><strong>Franz Lehar (1870-1948)<\/strong><br><em>Gold und Silber (Or et Argent), valse op.79<\/em><\/p>\n\n\n\n<p><strong>Jules Massenet (1842-1912)<\/strong><br><em>M\u00e9ditation, tir\u00e9e de l\u2019op\u00e9ra Tha\u00efs<\/em><\/p>\n\n\n\n<p><strong>Camille Saint-Sa\u00ebns (1835-1821)<\/strong><br><em>Introduction et Rondo Capriccioso, op.28<\/em><\/p>\n\n\n\n<p>Frederick Levy, violon<\/p>\n\n\n\n<p><strong>Piotr Ilyitch Tcha\u00efkovsky (1840-1893)<\/strong><br><em>Marche Slave, op.31<\/em><\/p>\n<\/div>\n<\/div>\n\n\n\n<p>Smetana \u00e9voque le parcours de la Moldau, depuis sa source jusqu\u2019\u00e0 son majestueux passage \u00e0 Prague, alors que Tcha\u00efkovski conte avec dramatisme et passion les amours tragiques de Rom\u00e9o et Juliette. Le tout est ponctu\u00e9 par les rythmes entrainants des&nbsp;<em>Danses slaves<\/em>&nbsp;de Dvo\u0159\u00e1k. Lors de cette rencontre unique entre le Berliner Sibelius Orchester et l\u2019Orchestre Philharmonia Mundi de Montr\u00e9al, nature, amour et passion prennent vie en musique.<\/p>\n\n\n\n<figure class=\"wp-block-image size-large\"><img loading=\"lazy\" decoding=\"async\" width=\"1024\" height=\"1024\" src=\"https:\/\/www.philharmoniamundimontreal.com\/orchestre\/wp-content\/uploads\/2025\/08\/veree-1024x1024.jpg\" alt=\"\" class=\"wp-image-702\" srcset=\"https:\/\/www.philharmoniamundimontreal.com\/orchestre\/wp-content\/uploads\/2025\/08\/veree-1024x1024.jpg 1024w, https:\/\/www.philharmoniamundimontreal.com\/orchestre\/wp-content\/uploads\/2025\/08\/veree-300x300.jpg 300w, https:\/\/www.philharmoniamundimontreal.com\/orchestre\/wp-content\/uploads\/2025\/08\/veree-150x150.jpg 150w, https:\/\/www.philharmoniamundimontreal.com\/orchestre\/wp-content\/uploads\/2025\/08\/veree-768x768.jpg 768w, https:\/\/www.philharmoniamundimontreal.com\/orchestre\/wp-content\/uploads\/2025\/08\/veree-1536x1536.jpg 1536w, https:\/\/www.philharmoniamundimontreal.com\/orchestre\/wp-content\/uploads\/2025\/08\/veree-100x100.jpg 100w, https:\/\/www.philharmoniamundimontreal.com\/orchestre\/wp-content\/uploads\/2025\/08\/veree.jpg 2048w\" sizes=\"auto, (max-width: 706px) 89vw, (max-width: 767px) 82vw, 740px\" \/><\/figure>\n\n\n\n<figure class=\"wp-block-image size-large\"><img loading=\"lazy\" decoding=\"async\" width=\"723\" height=\"1024\" src=\"https:\/\/www.philharmoniamundimontreal.com\/orchestre\/wp-content\/uploads\/2025\/08\/08_17_AOUT_2025-1-2-723x1024.png\" alt=\"\" class=\"wp-image-701\" srcset=\"https:\/\/www.philharmoniamundimontreal.com\/orchestre\/wp-content\/uploads\/2025\/08\/08_17_AOUT_2025-1-2-723x1024.png 723w, https:\/\/www.philharmoniamundimontreal.com\/orchestre\/wp-content\/uploads\/2025\/08\/08_17_AOUT_2025-1-2-212x300.png 212w, https:\/\/www.philharmoniamundimontreal.com\/orchestre\/wp-content\/uploads\/2025\/08\/08_17_AOUT_2025-1-2-768x1088.png 768w, https:\/\/www.philharmoniamundimontreal.com\/orchestre\/wp-content\/uploads\/2025\/08\/08_17_AOUT_2025-1-2.png 834w\" sizes=\"auto, (max-width: 723px) 100vw, 723px\" \/><\/figure>\n\n\n\n<figure class=\"wp-block-image size-large\"><img loading=\"lazy\" decoding=\"async\" width=\"825\" height=\"1024\" src=\"https:\/\/www.philharmoniamundimontreal.com\/orchestre\/wp-content\/uploads\/2024\/06\/site1-825x1024.png\" alt=\"\" class=\"wp-image-652\" srcset=\"https:\/\/www.philharmoniamundimontreal.com\/orchestre\/wp-content\/uploads\/2024\/06\/site1-825x1024.png 825w, https:\/\/www.philharmoniamundimontreal.com\/orchestre\/wp-content\/uploads\/2024\/06\/site1-242x300.png 242w, https:\/\/www.philharmoniamundimontreal.com\/orchestre\/wp-content\/uploads\/2024\/06\/site1-768x953.png 768w, https:\/\/www.philharmoniamundimontreal.com\/orchestre\/wp-content\/uploads\/2024\/06\/site1.png 870w\" sizes=\"auto, (max-width: 706px) 89vw, (max-width: 767px) 82vw, 740px\" \/><\/figure>\n\n\n\n<figure class=\"wp-block-image size-large\"><img loading=\"lazy\" decoding=\"async\" width=\"992\" height=\"1024\" src=\"https:\/\/www.philharmoniamundimontreal.com\/orchestre\/wp-content\/uploads\/2024\/06\/site2-992x1024.png\" alt=\"\" class=\"wp-image-653\" srcset=\"https:\/\/www.philharmoniamundimontreal.com\/orchestre\/wp-content\/uploads\/2024\/06\/site2-992x1024.png 992w, https:\/\/www.philharmoniamundimontreal.com\/orchestre\/wp-content\/uploads\/2024\/06\/site2-291x300.png 291w, https:\/\/www.philharmoniamundimontreal.com\/orchestre\/wp-content\/uploads\/2024\/06\/site2-768x793.png 768w, https:\/\/www.philharmoniamundimontreal.com\/orchestre\/wp-content\/uploads\/2024\/06\/site2.png 1043w\" sizes=\"auto, (max-width: 706px) 89vw, (max-width: 767px) 82vw, 740px\" \/><\/figure>\n\n\n\n<div class=\"wp-block-columns has-2-columns is-layout-flex wp-container-core-columns-is-layout-9d6595d7 wp-block-columns-is-layout-flex\">\n<div class=\"wp-block-column is-vertically-aligned-top is-layout-flow wp-block-column-is-layout-flow\">\n<p><strong>Dimanche 7 d\u00e9cembre 2025 \u00e0  15 h<\/strong><\/p>\n\n\n\n<hr class=\"wp-block-separator has-alpha-channel-opacity\"\/>\n\n\n\n<div class=\"wp-block-buttons is-content-justification-center is-layout-flex wp-container-core-buttons-is-layout-16018d1d wp-block-buttons-is-layout-flex\">\n<div class=\"wp-block-button\" zeffy-form-link=\"https:\/\/www.zeffy.com\/embed\/ticketing\/concert-opmm-dvorak?modal=true\"><a class=\"wp-block-button__link wp-element-button\">Achetez vos billets!<\/a><\/div>\n<\/div>\n\n\n\n<figure class=\"wp-block-image size-full\"><img loading=\"lazy\" decoding=\"async\" width=\"545\" height=\"842\" src=\"https:\/\/www.philharmoniamundimontreal.com\/orchestre\/wp-content\/uploads\/2025\/09\/20251207_OPMM_Affiche.png\" alt=\"\" class=\"wp-image-706\" srcset=\"https:\/\/www.philharmoniamundimontreal.com\/orchestre\/wp-content\/uploads\/2025\/09\/20251207_OPMM_Affiche.png 545w, https:\/\/www.philharmoniamundimontreal.com\/orchestre\/wp-content\/uploads\/2025\/09\/20251207_OPMM_Affiche-194x300.png 194w\" sizes=\"auto, (max-width: 545px) 100vw, 545px\" \/><\/figure>\n<\/div>\n\n\n\n<div class=\"wp-block-column is-vertically-aligned-top is-layout-flow wp-block-column-is-layout-flow\">\n<p class=\"has-text-align-right\"><a href=\"https:\/\/goo.gl\/maps\/GzWuwwDoQxAn4Xkc7\" target=\"_blank\" rel=\"noreferrer noopener\"> Salle Oscar Peterson,<br>7141 Rue Sherbrooke O<\/a><\/p>\n\n\n\n<p><\/p>\n\n\n\n<p><strong>Ludwig van Beethoven (1770-1827)<\/strong><br><em>Ouverture L\u00e9onore no.3 en Ut majeur, op.72b<\/em><\/p>\n\n\n\n<p><strong>Serge Koussevitzky (1874-1951)<\/strong><br><em>Concerto pour contrebasse en Fa# mineur, op.3<\/em><\/p>\n\n\n\n<p>1. Allegro<br>2. Andante<br>3. Allegro<br><br>Fran\u00e7ois Pr\u00e9fontaine, contrebasse<\/p>\n\n\n\n<p>(entracte)<\/p>\n\n\n\n<p><strong>Antonin Dvorak (1841-1904)<\/strong><br><em>Symphonie no.8 en Sol majeur, op.88<\/em><br><br>1. Allegro con brio<br>2. Adagio<br>3. Allegretto grazioso &#8211; Molto vivace<br>4. Allegro ma non troppo<\/p>\n<\/div>\n<\/div>\n\n\n\n<h2 class=\"wp-block-heading\">CONCERTS GRATUITS cet \u00e9t\u00e9 avec l&rsquo;OPMM<\/h2>\n\n\n\n<div class=\"wp-block-columns has-2-columns is-layout-flex wp-container-core-columns-is-layout-9d6595d7 wp-block-columns-is-layout-flex\">\n<div class=\"wp-block-column is-vertically-aligned-top is-layout-flow wp-block-column-is-layout-flow\">\n<p><strong>Dimanche 25 mai  2025 \u00e0  15 h<\/strong><\/p>\n\n\n\n<hr class=\"wp-block-separator has-alpha-channel-opacity\"\/>\n\n\n\n<div class=\"wp-block-buttons is-content-justification-center is-layout-flex wp-container-core-buttons-is-layout-16018d1d wp-block-buttons-is-layout-flex\">\n<div class=\"wp-block-button\"><a class=\"wp-block-button__link wp-element-button\">Billetterie ferm\u00e9e<\/a><\/div>\n<\/div>\n\n\n\n<figure class=\"wp-block-image size-full\"><img loading=\"lazy\" decoding=\"async\" width=\"660\" height=\"1020\" src=\"https:\/\/www.philharmoniamundimontreal.com\/orchestre\/wp-content\/uploads\/2025\/04\/20250525_OPMM_AfficheWeb.png\" alt=\"\" class=\"wp-image-685\" srcset=\"https:\/\/www.philharmoniamundimontreal.com\/orchestre\/wp-content\/uploads\/2025\/04\/20250525_OPMM_AfficheWeb.png 660w, https:\/\/www.philharmoniamundimontreal.com\/orchestre\/wp-content\/uploads\/2025\/04\/20250525_OPMM_AfficheWeb-194x300.png 194w\" sizes=\"auto, (max-width: 660px) 100vw, 660px\" \/><\/figure>\n<\/div>\n\n\n\n<div class=\"wp-block-column is-vertically-aligned-top is-layout-flow wp-block-column-is-layout-flow\">\n<p class=\"has-text-align-right\"><a href=\"https:\/\/goo.gl\/maps\/GzWuwwDoQxAn4Xkc7\" target=\"_blank\" rel=\"noreferrer noopener\"> Salle Oscar Peterson,<br>7141 Rue Sherbrooke O<\/a><\/p>\n\n\n\n<p>\u00ab <strong>Paysages d&rsquo;Autriche<\/strong> \u00bb<\/p>\n\n\n\n<p><strong>Wolfgang Amadeus Mozart (1756-1791)<\/strong><br>Symphonie no.36 en do majeur, K.425,<br>\u00ab Linz \u00bb<\/p>\n\n\n\n<p>1. Adagio. Allegro spiritoso<br>2. Andante<br>3. Menuetto<br>4. Presto<\/p>\n\n\n\n<p><strong>Anton Bruckner (1819-1896)<\/strong><br>Symphonie no.4 en mi b\u00e9mol majeur, \u00ab Romantique \u00bb<br>1. Allegro Moderato<br>2. Andante<br>3. Scherzo<br>4. Finale<\/p>\n<\/div>\n<\/div>\n\n\n\n<div class=\"wp-block-columns has-2-columns is-layout-flex wp-container-core-columns-is-layout-9d6595d7 wp-block-columns-is-layout-flex\">\n<div class=\"wp-block-column is-vertically-aligned-top is-layout-flow wp-block-column-is-layout-flow\">\n<p><strong>Samedi 15 mars 2025 \u00e0  19 h 30<\/strong><\/p>\n\n\n\n<div class=\"wp-block-buttons is-content-justification-center is-layout-flex wp-container-core-buttons-is-layout-16018d1d wp-block-buttons-is-layout-flex\">\n<div class=\"wp-block-button\"><a class=\"wp-block-button__link wp-element-button\">Billetterie ferm\u00e9e<\/a><\/div>\n<\/div>\n\n\n\n<hr class=\"wp-block-separator has-alpha-channel-opacity\"\/>\n\n\n\n<figure class=\"wp-block-image size-full\"><img loading=\"lazy\" decoding=\"async\" width=\"660\" height=\"1020\" src=\"https:\/\/www.philharmoniamundimontreal.com\/orchestre\/wp-content\/uploads\/2025\/02\/20250315_Affiche_Web.png\" alt=\"\" class=\"wp-image-680\" srcset=\"https:\/\/www.philharmoniamundimontreal.com\/orchestre\/wp-content\/uploads\/2025\/02\/20250315_Affiche_Web.png 660w, https:\/\/www.philharmoniamundimontreal.com\/orchestre\/wp-content\/uploads\/2025\/02\/20250315_Affiche_Web-194x300.png 194w\" sizes=\"auto, (max-width: 660px) 100vw, 660px\" \/><\/figure>\n\n\n\n<p><\/p>\n\n\n\n<p><\/p>\n\n\n\n<p><\/p>\n\n\n\n<p><\/p>\n<\/div>\n\n\n\n<div class=\"wp-block-column is-vertically-aligned-top is-layout-flow wp-block-column-is-layout-flow\">\n<p class=\"has-text-align-right\"><a href=\"https:\/\/goo.gl\/maps\/GzWuwwDoQxAn4Xkc7\" target=\"_blank\" rel=\"noreferrer noopener\"> Salle Oscar Peterson,<br>7141 Rue Sherbrooke O<\/a><\/p>\n\n\n\n<p><strong><em>Concert b\u00e9n\u00e9fice, pour la Fondation \u00ab Le Phare \u00bb<\/em><\/strong><\/p>\n\n\n\n<p><strong>Gioachino Rossini (1792-1868)<\/strong><br>Ouverture La Gazza Ladra (La Pie voleuse)<\/p>\n\n\n\n<p><strong>Maurice Ravel (1875-1937)<\/strong><br>Ma M\u00e8re l\u2019Oye, 5 pi\u00e8ces enfantines<\/p>\n\n\n\n<p><strong>Franz Lehar (1870-1948)<\/strong><br>Les sir\u00e8nes du bal, valse de l\u2019op\u00e9rette La Veuve joyeuse<\/p>\n\n\n\n<p><strong>Ralph Vaughan-Williams (1872-1958)<\/strong><br>The Wasps, Ouverture<\/p>\n\n\n\n<p><strong>Claude Debussy (1862-1918)<\/strong><br>Rhapsodie pour clarinette<br>Fr\u00e9d\u00e9ric Chalifoux, solo<\/p>\n\n\n\n<p><strong>\u00c9ric St-Pierre<\/strong><br>Le vieux moulin<\/p>\n\n\n\n<p><strong>Pietro Mascagni (1863-1945)<\/strong><br>Intermezzo, tir\u00e9 de l\u2019op\u00e9ra Cavalleria Rusticana<\/p>\n\n\n\n<p><strong>Richard Wagner (1813-1883)<\/strong><br>La chevauch\u00e9e des Valkyries (tir\u00e9e de l\u2019op\u00e9ra La Valkyrie)<\/p>\n<\/div>\n<\/div>\n\n\n\n<div class=\"wp-block-columns has-2-columns is-layout-flex wp-container-core-columns-is-layout-9d6595d7 wp-block-columns-is-layout-flex\">\n<div class=\"wp-block-column is-vertically-aligned-top is-layout-flow wp-block-column-is-layout-flow\">\n<p><strong>Dimanche 8 d\u00e9cembre 2024 \u00e0  15 h<\/strong><\/p>\n\n\n\n<div class=\"wp-block-buttons is-content-justification-center is-layout-flex wp-container-core-buttons-is-layout-16018d1d wp-block-buttons-is-layout-flex\">\n<div class=\"wp-block-button\"><a class=\"wp-block-button__link wp-element-button\">Billetterie ferm\u00e9e<\/a><\/div>\n<\/div>\n\n\n\n<figure class=\"wp-block-image size-large\"><img loading=\"lazy\" decoding=\"async\" width=\"663\" height=\"1024\" src=\"https:\/\/www.philharmoniamundimontreal.com\/orchestre\/wp-content\/uploads\/2024\/10\/20241208_OPMM_Affiche-663x1024.png\" alt=\"\" class=\"wp-image-658\" srcset=\"https:\/\/www.philharmoniamundimontreal.com\/orchestre\/wp-content\/uploads\/2024\/10\/20241208_OPMM_Affiche-663x1024.png 663w, https:\/\/www.philharmoniamundimontreal.com\/orchestre\/wp-content\/uploads\/2024\/10\/20241208_OPMM_Affiche-194x300.png 194w, https:\/\/www.philharmoniamundimontreal.com\/orchestre\/wp-content\/uploads\/2024\/10\/20241208_OPMM_Affiche-768x1187.png 768w, https:\/\/www.philharmoniamundimontreal.com\/orchestre\/wp-content\/uploads\/2024\/10\/20241208_OPMM_Affiche-994x1536.png 994w, https:\/\/www.philharmoniamundimontreal.com\/orchestre\/wp-content\/uploads\/2024\/10\/20241208_OPMM_Affiche-1325x2048.png 1325w, https:\/\/www.philharmoniamundimontreal.com\/orchestre\/wp-content\/uploads\/2024\/10\/20241208_OPMM_Affiche.png 1650w\" sizes=\"auto, (max-width: 663px) 100vw, 663px\" \/><\/figure>\n<\/div>\n\n\n\n<div class=\"wp-block-column is-vertically-aligned-top is-layout-flow wp-block-column-is-layout-flow\">\n<p class=\"has-text-align-right\"><a href=\"https:\/\/g.co\/kgs\/hkCYCXY\" data-type=\"link\" data-id=\"https:\/\/g.co\/kgs\/hkCYCXY\" target=\"_blank\" rel=\"noreferrer noopener\">Salle Claude Champagne<\/a><br><a href=\"https:\/\/g.co\/kgs\/hkCYCXY\" data-type=\"link\" data-id=\"https:\/\/g.co\/kgs\/hkCYCXY\" target=\"_blank\" rel=\"noreferrer noopener\"> 220 Vincent D&rsquo;Indy Ave, Outremont<\/a> <\/p>\n\n\n\n<p><strong><em>\u00ab Contes, Histoires et l\u00e9gendes\u2026 \u00bb<\/em><\/strong><\/p>\n\n\n\n<p><strong>Engelbert Humperdinck (1854-1921)<\/strong><br>Ouverture de l\u2019op\u00e9ra H\u00e4nsel et Gretel<\/p>\n\n\n\n<p><strong>William Brenner (2004-)<\/strong><br>Provenance des vents du Nord<\/p>\n\n\n\n<p><strong>Airs d\u2019op\u00e9ra et lieder<\/strong><br>Monika Mazanka, soprano<\/p>\n\n\n\n<p><strong>Jean Sibelius (1865-1957)<\/strong><br>Suite de Lemmink\u00e4inen (L\u00e9gendes du Kalevala)<br>&#8211; Le Cygne de Tuonela<br>&#8211; Le retour de Lemmink\u00e4inen<\/p>\n\n\n\n<p><strong>Piotr Illitch Tcha\u00efkovsky (1840-1893)<\/strong><br>Rom\u00e9o et Juliette, Ouverture-Fantaisie<\/p>\n<\/div>\n<\/div>\n\n\n\n<div class=\"wp-block-columns has-2-columns is-layout-flex wp-container-core-columns-is-layout-9d6595d7 wp-block-columns-is-layout-flex\">\n<div class=\"wp-block-column is-vertically-aligned-top is-layout-flow wp-block-column-is-layout-flow\">\n<p><strong>Samedi 1 juin 2024 \u00e0 19 h 30<\/strong><\/p>\n\n\n\n<div class=\"wp-block-buttons is-content-justification-center is-layout-flex wp-container-core-buttons-is-layout-16018d1d wp-block-buttons-is-layout-flex\">\n<div class=\"wp-block-button\"><a class=\"wp-block-button__link wp-element-button\">Billetterie ferm\u00e9e<\/a><\/div>\n<\/div>\n\n\n\n<figure class=\"wp-block-image size-large\"><img loading=\"lazy\" decoding=\"async\" width=\"663\" height=\"1024\" src=\"https:\/\/www.philharmoniamundimontreal.com\/orchestre\/wp-content\/uploads\/2024\/04\/20240607_OPMM_Affiche2-663x1024.png\" alt=\"\" class=\"wp-image-638\" srcset=\"https:\/\/www.philharmoniamundimontreal.com\/orchestre\/wp-content\/uploads\/2024\/04\/20240607_OPMM_Affiche2-663x1024.png 663w, https:\/\/www.philharmoniamundimontreal.com\/orchestre\/wp-content\/uploads\/2024\/04\/20240607_OPMM_Affiche2-194x300.png 194w, https:\/\/www.philharmoniamundimontreal.com\/orchestre\/wp-content\/uploads\/2024\/04\/20240607_OPMM_Affiche2-768x1187.png 768w, https:\/\/www.philharmoniamundimontreal.com\/orchestre\/wp-content\/uploads\/2024\/04\/20240607_OPMM_Affiche2-994x1536.png 994w, https:\/\/www.philharmoniamundimontreal.com\/orchestre\/wp-content\/uploads\/2024\/04\/20240607_OPMM_Affiche2-1325x2048.png 1325w, https:\/\/www.philharmoniamundimontreal.com\/orchestre\/wp-content\/uploads\/2024\/04\/20240607_OPMM_Affiche2.png 1650w\" sizes=\"auto, (max-width: 663px) 100vw, 663px\" \/><\/figure>\n<\/div>\n\n\n\n<div class=\"wp-block-column is-vertically-aligned-top is-layout-flow wp-block-column-is-layout-flow\">\n<p class=\"has-text-align-right\"><a href=\"https:\/\/g.co\/kgs\/hkCYCXY\" data-type=\"link\" data-id=\"https:\/\/g.co\/kgs\/hkCYCXY\" target=\"_blank\" rel=\"noreferrer noopener\">Salle Claude Champagne<\/a><br><a href=\"https:\/\/g.co\/kgs\/hkCYCXY\" data-type=\"link\" data-id=\"https:\/\/g.co\/kgs\/hkCYCXY\" target=\"_blank\" rel=\"noreferrer noopener\"> 220 Vincent D&rsquo;Indy Ave, Outremont<\/a> <\/p>\n\n\n\n<p><strong>Samedi 1 juin 2024 \u00e0 19 h 30<\/strong><\/p>\n\n\n\n<p><strong>Bed\u0159ich Smetana (1824-1884)<\/strong><br>Vltava (La Moldau), po\u00e8me symphonique, tir\u00e9 du cycle M\u00e1 Vlast (Ma Patrie)<\/p>\n\n\n\n<p><strong>Robert Schumann (1810-1856)<\/strong><br>Concerto pour piano en la mineur, op.54<br>1. Allegro affettuoso<br>2. Intermezzo8: Andantino grazioso<br>3. Allegro vivace<br>Fabrizio Chiovetta, pianiste<\/p>\n\n\n\n<p><strong>Dmitri Chostakovitch (1906-1975)<\/strong><br>Symphonie no.5 en r\u00e9 mineur, op.47<br>1. Moderato<br>2. Allegretto<br>3. Largo<br>4. Allegro non troppo<\/p>\n<\/div>\n<\/div>\n\n\n\n<div class=\"wp-block-columns has-2-columns is-layout-flex wp-container-core-columns-is-layout-9d6595d7 wp-block-columns-is-layout-flex\">\n<div class=\"wp-block-column is-vertically-aligned-top is-layout-flow wp-block-column-is-layout-flow\">\n<p><strong>Samedi 16 mars 2024 \u00e0 19 h 30<\/strong><\/p>\n\n\n<div class=\"wp-block-image\">\n<figure class=\"aligncenter size-large\"><img loading=\"lazy\" decoding=\"async\" width=\"663\" height=\"1024\" src=\"https:\/\/www.philharmoniamundimontreal.com\/orchestre\/wp-content\/uploads\/2024\/02\/20240316_OPMM_Affiche_WEB-663x1024.png\" alt=\"\" class=\"wp-image-623\" srcset=\"https:\/\/www.philharmoniamundimontreal.com\/orchestre\/wp-content\/uploads\/2024\/02\/20240316_OPMM_Affiche_WEB-663x1024.png 663w, https:\/\/www.philharmoniamundimontreal.com\/orchestre\/wp-content\/uploads\/2024\/02\/20240316_OPMM_Affiche_WEB-194x300.png 194w, https:\/\/www.philharmoniamundimontreal.com\/orchestre\/wp-content\/uploads\/2024\/02\/20240316_OPMM_Affiche_WEB-768x1187.png 768w, https:\/\/www.philharmoniamundimontreal.com\/orchestre\/wp-content\/uploads\/2024\/02\/20240316_OPMM_Affiche_WEB-994x1536.png 994w, https:\/\/www.philharmoniamundimontreal.com\/orchestre\/wp-content\/uploads\/2024\/02\/20240316_OPMM_Affiche_WEB.png 1155w\" sizes=\"auto, (max-width: 663px) 100vw, 663px\" \/><\/figure>\n<\/div><\/div>\n\n\n\n<div class=\"wp-block-column is-layout-flow wp-block-column-is-layout-flow\">\n<p class=\"has-text-align-right\"><a href=\"https:\/\/goo.gl\/maps\/GzWuwwDoQxAn4Xkc7\" target=\"_blank\" rel=\"noreferrer noopener\"> Salle Oscar Peterson,<br>7141 Rue Sherbrooke O<\/a> <\/p>\n\n\n\n<p><strong>Georges Bizet (1838-1875)<\/strong><br>Suite no.1 tir\u00e9e de l\u2019op\u00e9ra Carmen<\/p>\n\n\n\n<p><strong>Eddy A. Rached<\/strong><br>Train fant\u00f4me (c.2013)<br>Po\u00e8me symphonique en mi mineur (pour comm\u00e9morer la trag\u00e9die de M\u00e9gantic)<\/p>\n\n\n\n<p><strong>Astor Piazzolla (1921-1992)<\/strong><br>Oblivion pour hautbois et orchestre \u00e0 cordes<br> Ted Cameron,  hautbois solo<\/p>\n\n\n\n<p><strong>Edvard Grieg (1843-1907)<\/strong><br>Peer-Gynt, Suite no.1<\/p>\n\n\n\n<p><strong>Jean Sibelius (1865-1957)<\/strong><br>Finlandia, po\u00e8me symphonique, op.26<\/p>\n\n\n\n<p><strong>\u00c9mile Waldteufel (1837-1915)<\/strong><br>Les Patineurs, valse op.183<\/p>\n\n\n\n<p><strong>Max Bruch (1838-1920)<\/strong><br>Kol Nidrei, op.47 pour violoncelle et orchestre<br>Marc-Andr\u00e9 Riberdy, violoncelle solo<\/p>\n\n\n\n<p><strong>Camille Saint-Sa\u00ebns (1835-1921)<\/strong><br>Bacchanale, tir\u00e9e de l\u2019op\u00e9ra \u00ab Samson et Dalila \u00bb, op.47<\/p>\n<\/div>\n<\/div>\n\n\n\n<div class=\"wp-block-group\"><div class=\"wp-block-group__inner-container is-layout-flow wp-block-group-is-layout-flow\">\n<div class=\"wp-block-columns has-2-columns is-layout-flex wp-container-core-columns-is-layout-9d6595d7 wp-block-columns-is-layout-flex\">\n<div class=\"wp-block-column is-vertically-aligned-top is-layout-flow wp-block-column-is-layout-flow\">\n<p><strong>Dimanche 10 d\u00e9cembre 2023 \u00e0 15 h<\/strong><\/p>\n\n\n<div class=\"wp-block-image\">\n<figure class=\"aligncenter size-full\"><img loading=\"lazy\" decoding=\"async\" width=\"3300\" height=\"5100\" src=\"https:\/\/www.philharmoniamundimontreal.com\/orchestre\/wp-content\/uploads\/2023\/08\/20231210_OPMM_Affiche.png\" alt=\"\" class=\"wp-image-605\"\/><\/figure>\n<\/div><\/div>\n\n\n\n<div class=\"wp-block-column is-layout-flow wp-block-column-is-layout-flow\">\n<p class=\"has-text-align-right\"><a href=\"https:\/\/goo.gl\/maps\/GzWuwwDoQxAn4Xkc7\" target=\"_blank\" rel=\"noreferrer noopener\"> Salle Oscar Peterson,<br>7141 Rue Sherbrooke O<\/a> <\/p>\n\n\n\n<p><strong>Stewart Grant<\/strong><br>Ouverture \u00ab Ja\u00ef \u00bb, op.20 (1991)<\/p>\n\n\n\n<p><strong>Jacques Ibert (1890-1962)<\/strong><br>Escales (1922)<br>1. Rome-Palerme<br>2. Tunis-Nefta<br>3. Valencia<\/p>\n\n\n\n<p><strong>Georges Bizet (1838-1875)<\/strong><br>L\u2019Arl\u00e9sienne, musique de sc\u00e8ne, Suite no.2<br>1. Pastorale<br>2. Intermezzo<br>3. Menuetto<br>4. Farandole<\/p>\n\n\n\n<p><strong>Ludwig van Beethoven (1770-1827)<\/strong><br>Symphonie no.6 en fa majeur, \u00ab Pastorale \u00bb, op.68<br>1. \u00c9veil d&rsquo;impressions agr\u00e9ables en arrivant \u00e0 la campagne<br>2. Sc\u00e8ne au bord du ruisseau<br>3. Joyeuse assembl\u00e9e de paysans<br>4. Orage \u2013 Temp\u00eate<br>5. Chant pastoral. Sentiments joyeux et reconnaissants apr\u00e8s l&rsquo;orage<\/p>\n<\/div>\n<\/div>\n<\/div><\/div>\n\n\n\n<p><\/p>\n","protected":false},"excerpt":{"rendered":"<p>Pour toutes questions reli\u00e9es \u00e0 la billetterie, veuillez communiquer avec nous par courriel \u00e0 l&rsquo;adresse suivante : info@philharmoniamundimontreal.com ou contactez nous sur Facebook Messenger en cliquant ici. Dimanche 31 mai 2026 \u00e0 15 h Salle Oscar Peterson,7141 Rue Sherbrooke O Nikola\u00ef Rimsky-Korsakov (1844-1908)Ouverture de la Grande P\u00e2que Russe, op.36 Ronald Binge (1910-1979)Concerto pour saxophone alto &hellip; <\/p>\n<p class=\"link-more\"><a href=\"https:\/\/www.philharmoniamundimontreal.com\/orchestre\/\" class=\"more-link\">Continuer la lecture<span class=\"screen-reader-text\"> de &laquo; Prochains concerts &raquo;<\/span><\/a><\/p>\n","protected":false},"author":2,"featured_media":0,"parent":0,"menu_order":0,"comment_status":"closed","ping_status":"closed","template":"","meta":{"footnotes":""},"class_list":["post-102","page","type-page","status-publish","hentry"],"_links":{"self":[{"href":"https:\/\/www.philharmoniamundimontreal.com\/orchestre\/wp-json\/wp\/v2\/pages\/102","targetHints":{"allow":["GET"]}}],"collection":[{"href":"https:\/\/www.philharmoniamundimontreal.com\/orchestre\/wp-json\/wp\/v2\/pages"}],"about":[{"href":"https:\/\/www.philharmoniamundimontreal.com\/orchestre\/wp-json\/wp\/v2\/types\/page"}],"author":[{"embeddable":true,"href":"https:\/\/www.philharmoniamundimontreal.com\/orchestre\/wp-json\/wp\/v2\/users\/2"}],"replies":[{"embeddable":true,"href":"https:\/\/www.philharmoniamundimontreal.com\/orchestre\/wp-json\/wp\/v2\/comments?post=102"}],"version-history":[{"count":96,"href":"https:\/\/www.philharmoniamundimontreal.com\/orchestre\/wp-json\/wp\/v2\/pages\/102\/revisions"}],"predecessor-version":[{"id":735,"href":"https:\/\/www.philharmoniamundimontreal.com\/orchestre\/wp-json\/wp\/v2\/pages\/102\/revisions\/735"}],"wp:attachment":[{"href":"https:\/\/www.philharmoniamundimontreal.com\/orchestre\/wp-json\/wp\/v2\/media?parent=102"}],"curies":[{"name":"wp","href":"https:\/\/api.w.org\/{rel}","templated":true}]}}