{"id":109,"date":"2017-07-25T03:31:03","date_gmt":"2017-07-25T02:31:03","guid":{"rendered":"http:\/\/philharmoniamundimontreal.com\/nouveau_site\/?page_id=109"},"modified":"2024-12-16T05:35:54","modified_gmt":"2024-12-16T04:35:54","slug":"recrutement","status":"publish","type":"page","link":"https:\/\/www.philharmoniamundimontreal.com\/orchestre\/recrutement\/","title":{"rendered":"Recrutement"},"content":{"rendered":"\n<h3 class=\"wp-block-heading\">R\u00e9p\u00e9titions<\/h3>\n\n\n\n<p>Les r\u00e9p\u00e9titions ont lieu les jeudis soirs de 19 h 30 \u00e0 22 h.<\/p>\n\n\n\n<h3 class=\"wp-block-heading\">Qui peut se joindre \u00e0 l&rsquo;orchestre?<\/h3>\n\n\n\n<ul class=\"wp-block-list\">\n<li>Tout musicien non-professionnel d&rsquo;un niveau avanc\u00e9 pourra envoyer sa candidature pour se  joindre \u00e0 l&rsquo;OPMM.<\/li>\n\n\n\n<li>Le comit\u00e9 de recrutement et le chef d&rsquo;orchestre \u00e9tudieront votre candidature.<\/li>\n\n\n\n<li>Si l&rsquo;orchestre a des besoins dans une section particuli\u00e8re qui correspond \u00e0 votre instrument, on vous contactera pour vous aviser.<\/li>\n\n\n\n<li>Si votre candidature est retenue, le chef pourra exiger une courte audition.<\/li>\n\n\n\n<li>Tous les musiciens de l&rsquo;OPMM s&rsquo;engagent \u00e0 payer la cotisation et \u00e0 respecter le code d&rsquo;\u00e9thique.<\/li>\n<\/ul>\n\n\n\n<h3 class=\"wp-block-heading\">Pour soumettre votre demande<\/h3>\n\n\n\n<p>Veuillez remplir le formulaire suivant et nous vous contacterons sous peu.<\/p>\n\n\n\n<div class=\"wpcf7 no-js\" id=\"wpcf7-f113-o1\" lang=\"fr-CA\" dir=\"ltr\" data-wpcf7-id=\"113\">\n<div class=\"screen-reader-response\"><p role=\"status\" aria-live=\"polite\" aria-atomic=\"true\"><\/p> <ul><\/ul><\/div>\n<form action=\"\/orchestre\/wp-json\/wp\/v2\/pages\/109#wpcf7-f113-o1\" method=\"post\" class=\"wpcf7-form init\" aria-label=\"Contact form\" novalidate=\"novalidate\" data-status=\"init\">\n<fieldset class=\"hidden-fields-container\"><input type=\"hidden\" name=\"_wpcf7\" value=\"113\" \/><input type=\"hidden\" name=\"_wpcf7_version\" value=\"6.1.4\" \/><input type=\"hidden\" name=\"_wpcf7_locale\" value=\"fr_CA\" \/><input type=\"hidden\" name=\"_wpcf7_unit_tag\" value=\"wpcf7-f113-o1\" \/><input type=\"hidden\" name=\"_wpcf7_container_post\" value=\"0\" \/><input type=\"hidden\" name=\"_wpcf7_posted_data_hash\" value=\"\" \/><input type=\"hidden\" name=\"_wpcf7_recaptcha_response\" value=\"\" \/>\n<\/fieldset>\n<p>Votre nom \/ Full Name *\n<\/p>\n<p><span class=\"wpcf7-form-control-wrap\" data-name=\"your-name\"><input size=\"40\" maxlength=\"400\" class=\"wpcf7-form-control wpcf7-text wpcf7-validates-as-required\" aria-required=\"true\" aria-invalid=\"false\" value=\"\" type=\"text\" name=\"your-name\" \/><\/span>\n<\/p>\n<p>Votre email \/ Email *\n<\/p>\n<p><span class=\"wpcf7-form-control-wrap\" data-name=\"your-email\"><input size=\"40\" maxlength=\"400\" class=\"wpcf7-form-control wpcf7-email wpcf7-validates-as-required wpcf7-text wpcf7-validates-as-email\" aria-required=\"true\" aria-invalid=\"false\" value=\"\" type=\"email\" name=\"your-email\" \/><\/span>\n<\/p>\n<p>Votre Num\u00e9ro de t\u00e9l\u00e9phone \/ Phone Number *\n<\/p>\n<p><span class=\"wpcf7-form-control-wrap\" data-name=\"your-phone\"><input size=\"40\" maxlength=\"400\" class=\"wpcf7-form-control wpcf7-text wpcf7-validates-as-required\" aria-required=\"true\" aria-invalid=\"false\" value=\"\" type=\"text\" name=\"your-phone\" \/><\/span>\n<\/p>\n<p>Instrument \/ Instrument *\n<\/p>\n<p><span class=\"wpcf7-form-control-wrap\" data-name=\"Instrument\"><input size=\"40\" maxlength=\"400\" class=\"wpcf7-form-control wpcf7-text wpcf7-validates-as-required\" aria-required=\"true\" aria-invalid=\"false\" value=\"\" type=\"text\" name=\"Instrument\" \/><\/span>\n<\/p>\n<p>Veuillez fournir des d\u00e9tails sur votre formation et exp\u00e9rience!<br \/>\nPlease provide details on your training and experience!\n<\/p>\n<p><span class=\"wpcf7-form-control-wrap\" data-name=\"your-message\"><textarea cols=\"40\" rows=\"10\" maxlength=\"2000\" class=\"wpcf7-form-control wpcf7-textarea\" aria-invalid=\"false\" name=\"your-message\"><\/textarea><\/span>\n<\/p>\n<p>D'o\u00f9 avez-vous entendu parler de nous? \/ Where did you hear about us?\n<\/p>\n<p><span class=\"wpcf7-form-control-wrap\" data-name=\"reference\"><textarea cols=\"40\" rows=\"10\" maxlength=\"2000\" class=\"wpcf7-form-control wpcf7-textarea\" aria-invalid=\"false\" name=\"reference\"><\/textarea><\/span>\n<\/p>\n\n<p><input class=\"wpcf7-form-control wpcf7-submit has-spinner\" type=\"submit\" value=\"Envoyer\" \/>\n<\/p>\n<p>* Champs obligatoires \/ All fields are required\n<\/p><div class=\"wpcf7-response-output\" aria-hidden=\"true\"><\/div>\n<\/form>\n<\/div>\n\n\n\n\n<h3 class=\"wp-block-heading\">Pour de plus amples informations<\/h3>\n\n\n\n<p>Contactez nous sur <a href=\"http:\/\/m.me\/227224520652255\" data-type=\"link\" data-id=\"m.me\/227224520652255\">Messenger<\/a><\/p>\n","protected":false},"excerpt":{"rendered":"<p>R\u00e9p\u00e9titions Les r\u00e9p\u00e9titions ont lieu les jeudis soirs de 19 h 30 \u00e0 22 h. Qui peut se joindre \u00e0 l&rsquo;orchestre? Pour soumettre votre demande Veuillez remplir le formulaire suivant et nous vous contacterons sous peu. Pour de plus amples informations Contactez nous sur Messenger<\/p>\n","protected":false},"author":2,"featured_media":119,"parent":0,"menu_order":0,"comment_status":"closed","ping_status":"closed","template":"","meta":{"footnotes":""},"class_list":["post-109","page","type-page","status-publish","has-post-thumbnail","hentry"],"_links":{"self":[{"href":"https:\/\/www.philharmoniamundimontreal.com\/orchestre\/wp-json\/wp\/v2\/pages\/109","targetHints":{"allow":["GET"]}}],"collection":[{"href":"https:\/\/www.philharmoniamundimontreal.com\/orchestre\/wp-json\/wp\/v2\/pages"}],"about":[{"href":"https:\/\/www.philharmoniamundimontreal.com\/orchestre\/wp-json\/wp\/v2\/types\/page"}],"author":[{"embeddable":true,"href":"https:\/\/www.philharmoniamundimontreal.com\/orchestre\/wp-json\/wp\/v2\/users\/2"}],"replies":[{"embeddable":true,"href":"https:\/\/www.philharmoniamundimontreal.com\/orchestre\/wp-json\/wp\/v2\/comments?post=109"}],"version-history":[{"count":7,"href":"https:\/\/www.philharmoniamundimontreal.com\/orchestre\/wp-json\/wp\/v2\/pages\/109\/revisions"}],"predecessor-version":[{"id":675,"href":"https:\/\/www.philharmoniamundimontreal.com\/orchestre\/wp-json\/wp\/v2\/pages\/109\/revisions\/675"}],"wp:featuredmedia":[{"embeddable":true,"href":"https:\/\/www.philharmoniamundimontreal.com\/orchestre\/wp-json\/wp\/v2\/media\/119"}],"wp:attachment":[{"href":"https:\/\/www.philharmoniamundimontreal.com\/orchestre\/wp-json\/wp\/v2\/media?parent=109"}],"curies":[{"name":"wp","href":"https:\/\/api.w.org\/{rel}","templated":true}]}}