{"id":86,"date":"2017-07-25T02:45:16","date_gmt":"2017-07-25T01:45:16","guid":{"rendered":"http:\/\/philharmoniamundimontreal.com\/nouveau_site\/?page_id=86"},"modified":"2024-05-24T22:00:51","modified_gmt":"2024-05-24T21:00:51","slug":"les-musiciens","status":"publish","type":"page","link":"https:\/\/www.philharmoniamundimontreal.com\/orchestre\/les-musiciens\/","title":{"rendered":"Les musiciens"},"content":{"rendered":"<p>PREMIERS VIOLONS<br \/>\nK\u00e9ziah Auger (violon solo)<br \/>\nJorge Dania (assistant)<br \/>\nBlanche Campeau<br \/>\nEddy Abi-Rached<br \/>\nEric Pr\u00e9vost-Dansereau<br \/>\nFrancoys Lambert<br \/>\nGenevi\u00e8ve Beauchesne<br \/>\nMagali Parent<br \/>\nMarc-Andr\u00e9 Gigu\u00e8re<br \/>\nMarc-Olivier Tremblay<br \/>\nNodoka Handa<br \/>\nOri Solomon<br \/>\nYi Lu<\/p>\n<p>SECONDS VIOLONS<br \/>\nJulie Deschamps (solo)<br \/>\nCaroline Szelechowski (assistante)<br \/>\nCl\u00e9lia Desmettre<br \/>\nDaniel Roussety<br \/>\nGenevi\u00e8ve Dorval-Douville<br \/>\nGenevi\u00e8ve Plourde<br \/>\nMarie-Clode LaRocque<br \/>\nMicheline Gingras<br \/>\nMohammed K\u00e9bir<br \/>\nNathalie Blais<br \/>\nOscar Martinez<\/p>\n<p>ALTOS<br \/>\nGenevi\u00e8ve Brault (solo)<br \/>\nAudrey Poulin (assistante)<br \/>\nJean-Luc Riverin<br \/>\nJoelle Pineau<br \/>\nLara-May Viger<br \/>\nRenaud Langlois<br \/>\nRonnie Ko<\/p>\n<p>VIOLONCELLES<br \/>\nPhilippe Cordisco (solo)<br \/>\nAndr\u00e9e-Ann LaRocque (assistante)<br \/>\nAnne-Marie Jeannotte<br \/>\nBetty Howell<br \/>\nCaroline Monette<br \/>\nC\u00e9line Bourcier<br \/>\nDalie St-Georges<br \/>\nFrance Carrier<br \/>\nGuy St-Denis<br \/>\nMarie Lestage<br \/>\nNancy de Courval<br \/>\nV\u00e9ronique Frenette<\/p>\n<p>CONTREBASSES<br \/>\nNeville-Warren Cloutier (solo)<br \/>\nDenise Marchand Parent (assistante)<br \/>\nFran\u00e7ois Pr\u00e9fontaine<br \/>\nIsabelle Giroux<br \/>\nPatrice Sarrasin<\/p>\n<p>FL\u00dbTES<br \/>\nAnne Boiret<br \/>\nDebra Olsthoorn<br \/>\nPierre Lauzon<\/p>\n<p>HAUTBOIS<br \/>\nTed Cameron<br \/>\nWilliam Brenner<\/p>\n<p>CLARINETTES<br \/>\nFr\u00e9d\u00e9ric Chalifoux<br \/>\nMarie-France Bureau<br \/>\nMichelle Houde<\/p>\n<p>BASSONS<br \/>\nDean Williams<br \/>\nRaquel Bomtempo<\/p>\n<p>CONTREBASSON<br \/>\nGeorges Ouellet<\/p>\n<p>CORS<br \/>\nAlexis Kasperavi\u010dius<br \/>\nMarilyn Dion<br \/>\nRachel Dumais<br \/>\nVaughan Cooke<\/p>\n<p>TROMPETTES<br \/>\nManon Boucher<br \/>\nSylvain Labranche<br \/>\nPierre B\u00e9dard<br \/>\nRobert Lemelin<\/p>\n<p>TROMBONES<br \/>\nJo\u00ebl Boyle<br \/>\nSt\u00e9phane Krims<br \/>\nSt\u00e9phane Csakvary (basse)<\/p>\n<p>TUBA<br \/>\nJo\u00ebl Couture<\/p>\n<p>HARPE<br \/>\nC\u00e9cile Delage<\/p>\n<p>Piano<br \/>\nDaniel Benedetti<\/p>\n<p>TIMBALES<br \/>\nErica Bridgeman<\/p>\n<p>PERCUSSIONS<br \/>\nManuel L\u00f3pez Tovar<br \/>\nPolly Aretakis<\/p>\n","protected":false},"excerpt":{"rendered":"<p>PREMIERS VIOLONS K\u00e9ziah Auger (violon solo) Jorge Dania (assistant) Blanche Campeau Eddy Abi-Rached Eric Pr\u00e9vost-Dansereau Francoys Lambert Genevi\u00e8ve Beauchesne Magali Parent Marc-Andr\u00e9 Gigu\u00e8re Marc-Olivier Tremblay Nodoka Handa Ori Solomon Yi Lu SECONDS VIOLONS Julie Deschamps (solo) Caroline Szelechowski (assistante) Cl\u00e9lia Desmettre Daniel Roussety Genevi\u00e8ve Dorval-Douville Genevi\u00e8ve Plourde Marie-Clode LaRocque Micheline Gingras Mohammed K\u00e9bir Nathalie Blais &hellip; <\/p>\n<p class=\"link-more\"><a href=\"https:\/\/www.philharmoniamundimontreal.com\/orchestre\/les-musiciens\/\" class=\"more-link\">Continuer la lecture<span class=\"screen-reader-text\"> de &laquo; Les musiciens &raquo;<\/span><\/a><\/p>\n","protected":false},"author":2,"featured_media":644,"parent":0,"menu_order":0,"comment_status":"closed","ping_status":"closed","template":"","meta":{"footnotes":""},"class_list":["post-86","page","type-page","status-publish","has-post-thumbnail","hentry"],"_links":{"self":[{"href":"https:\/\/www.philharmoniamundimontreal.com\/orchestre\/wp-json\/wp\/v2\/pages\/86","targetHints":{"allow":["GET"]}}],"collection":[{"href":"https:\/\/www.philharmoniamundimontreal.com\/orchestre\/wp-json\/wp\/v2\/pages"}],"about":[{"href":"https:\/\/www.philharmoniamundimontreal.com\/orchestre\/wp-json\/wp\/v2\/types\/page"}],"author":[{"embeddable":true,"href":"https:\/\/www.philharmoniamundimontreal.com\/orchestre\/wp-json\/wp\/v2\/users\/2"}],"replies":[{"embeddable":true,"href":"https:\/\/www.philharmoniamundimontreal.com\/orchestre\/wp-json\/wp\/v2\/comments?post=86"}],"version-history":[{"count":21,"href":"https:\/\/www.philharmoniamundimontreal.com\/orchestre\/wp-json\/wp\/v2\/pages\/86\/revisions"}],"predecessor-version":[{"id":643,"href":"https:\/\/www.philharmoniamundimontreal.com\/orchestre\/wp-json\/wp\/v2\/pages\/86\/revisions\/643"}],"wp:featuredmedia":[{"embeddable":true,"href":"https:\/\/www.philharmoniamundimontreal.com\/orchestre\/wp-json\/wp\/v2\/media\/644"}],"wp:attachment":[{"href":"https:\/\/www.philharmoniamundimontreal.com\/orchestre\/wp-json\/wp\/v2\/media?parent=86"}],"curies":[{"name":"wp","href":"https:\/\/api.w.org\/{rel}","templated":true}]}}